{"id":2010,"date":"2023-05-01T10:12:56","date_gmt":"2023-05-01T07:12:56","guid":{"rendered":"https:\/\/hanajaeger.com\/bio\/"},"modified":"2023-11-27T20:24:33","modified_gmt":"2023-11-27T18:24:33","slug":"bio","status":"publish","type":"page","link":"https:\/\/hanajaeger.com\/es\/bio\/","title":{"rendered":"biograf\u00eda"},"content":{"rendered":"<p>Nacido en Haifa Vive y trabaja en Madrid Espa\u00f1a y en Tel Aviv<\/p>\n<p><b><span data-contrast=\"auto\">Educaci\u00f3n:<\/span><\/b><span data-ccp-props=\"{&quot;201341983&quot;:0,&quot;335559739&quot;:160,&quot;335559740&quot;:259}\">\u00a0<\/span><\/p>\n<p><span data-contrast=\"auto\"><strong>2006 &#8211; <\/strong>Graduado de \u00abHamidrasha\u00bb, Escuela de Arte, Beit Berl College, Israel<\/span><\/p>\n<p><strong>2001 &#8211; <\/strong>MBA especializacion en comunicacion<\/p>\n<p><span data-contrast=\"auto\"><strong>1976 <\/strong>&#8211; B.A en Matem\u00e1ticas y Econom\u00eda <\/span><span data-ccp-props=\"{&quot;201341983&quot;:0,&quot;335559739&quot;:160,&quot;335559740&quot;:259}\">\u00a0<\/span><\/p>\n<p><b><span data-contrast=\"auto\">Exposiciones individuales<\/span><\/b><span data-contrast=\"auto\">:<\/span><span data-ccp-props=\"{&quot;201341983&quot;:0,&quot;335559739&quot;:160,&quot;335559740&quot;:259}\">\u00a0<\/span><\/p>\n<p><strong>2023<\/strong> &#8211; \u00abMe Llamo Ana, encantada\u00bb Casa Sefarad Israel, Madrid. Comisario: Andrea Perissinotto.<\/p>\n<p><span data-contrast=\"auto\"><strong>2021<\/strong> &#8211; \u00abLos tiempos de espera son m\u00e1s largos de lo habitual\u00bb &#8211; Casa de artistas de Jerusal\u00e9n, curador Dan Orimian<\/span><span data-ccp-props=\"{&quot;201341983&quot;:0,&quot;335559739&quot;:160,&quot;335559740&quot;:259}\">\u00a0<\/span><\/p>\n<p><span data-contrast=\"auto\"><strong>2018<\/strong> &#8211; \u201cRegulaciones de emergencia &#8211; Galer\u00eda de la Escuela de Arte de Minshar, Tel Aviv, Comisario: Oded Yedaya<\/span><span data-ccp-props=\"{&quot;201341983&quot;:0,&quot;335559739&quot;:160,&quot;335559740&quot;:259}\">\u00a0<\/span><\/p>\n<p><span data-contrast=\"auto\"><strong>2016<\/strong> &#8211; \u00abLa muerte de Superman\u00bb &#8211; Ha&#8217;kibbutz Galer\u00eda de Arte Israel\u00ed Tel Aviv: , curadora Yael Keini.<\/span><span data-ccp-props=\"{&quot;201341983&quot;:0,&quot;335559739&quot;:160,&quot;335559740&quot;:259}\">\u00a0<\/span><\/p>\n<p><span data-contrast=\"auto\"><strong>2012<\/strong>&#8211; \u00abHistoria simple\u00bb -\u00abHaifa Jerusalem Tel Aviv\u00bb Museo de Arte Haife, curadora: Ruth Sassonkin.<\/span><span data-ccp-props=\"{&quot;201341983&quot;:0,&quot;335559739&quot;:160,&quot;335559740&quot;:259}\">\u00a0<\/span><\/p>\n<p><span data-contrast=\"auto\"><strong>2011<\/strong>&#8211; \u00abBuenos d\u00edas Sr. Greschler\u00bb Alfred Gallery Tel Aviv, curador: Gidi Smilansky<\/span><span data-ccp-props=\"{&quot;201341983&quot;:0,&quot;335559739&quot;:160,&quot;335559740&quot;:259}\">\u00a0<\/span><\/p>\n<p><span data-contrast=\"auto\"><strong>2010<\/strong> &#8211; \u00abLimbo\u00bb, Gal-On Gallery, Tel Aviv, curadora: Daniela Talmor<\/span><span data-ccp-props=\"{&quot;201341983&quot;:0,&quot;335559739&quot;:160,&quot;335559740&quot;:259}\">\u00a0<\/span><\/p>\n<p><span data-contrast=\"auto\"><strong>2009<\/strong> &#8211; \u00abEverybody Knows\u00bb, Museo de Arte Moderno de Ramat Gan, curadora: Ayelet Hashahar Cohen<\/span><span data-ccp-props=\"{&quot;201341983&quot;:0,&quot;335559739&quot;:160,&quot;335559740&quot;:259}\">\u00a0<\/span><\/p>\n<p><span data-contrast=\"auto\"><strong>2008<\/strong> &#8211; \u00abObras\u00bb, Casa de Artistas, Tel Aviv, curadora: Deganit Berest<\/span><span data-ccp-props=\"{&quot;201341983&quot;:0,&quot;335559739&quot;:160,&quot;335559740&quot;:259}\">\u00a0<\/span><\/p>\n<p><span data-contrast=\"auto\"><strong>2006<\/strong> &#8211; Metro Coffee, Cesarea, curadora: Hila Tadmor<\/span><span data-ccp-props=\"{&quot;201341983&quot;:0,&quot;335559739&quot;:160,&quot;335559740&quot;:259}\">\u00a0<\/span><\/p>\n<p>&nbsp;<\/p>\n<p><strong>Exposiciones colectivas seleccionadas:\u00a0<\/strong><\/p>\n<p><strong>2023<\/strong>&#8211; \u00abPorno\u00bb Casasur galeria de arte Madrid<\/p>\n<p><strong>2023 <\/strong>&#8211; \u00abMujeres Fantsticas\u00bb Casasur galeria de arte Madrid<\/p>\n<p><span data-contrast=\"auto\"><strong>2021<\/strong> &#8211; \u201cHow Heroes Fell\u201d, Galer\u00eda P8 Tel Aviv curador: Liav Mizrahi.<\/span><span data-ccp-props=\"{&quot;201341983&quot;:0,&quot;335559739&quot;:160,&quot;335559740&quot;:259}\">\u00a0<\/span><\/p>\n<p><span data-contrast=\"auto\"><strong>2017<\/strong> &#8211; \u00abResistencia\u00bb, galer\u00eda social Musrara, Jerusal\u00e9n, curadora Ayelet Hashahar Cohen<\/span><span data-ccp-props=\"{&quot;201341983&quot;:0,&quot;335559739&quot;:160,&quot;335559740&quot;:259}\">\u00a0<\/span><\/p>\n<p><span data-contrast=\"auto\"><strong>2015<\/strong> &#8211; \u00abHome\u00bb, Art Shelter Jerusalem curadores: Pnina Frank, Noa Lea Kohn<\/span><span data-ccp-props=\"{&quot;201341983&quot;:0,&quot;335559739&quot;:160,&quot;335559740&quot;:259}\">\u00a0<\/span><\/p>\n<p><span data-contrast=\"auto\"><strong>2015<\/strong> &#8211; Sal\u00f3n Hacubia, Jerusal\u00e9n, curadores: Dan Orimian, Ela Cohen<\/span><span data-ccp-props=\"{&quot;201341983&quot;:0,&quot;335559739&quot;:160,&quot;335559740&quot;:259}\">\u00a0<\/span><\/p>\n<p><span data-contrast=\"auto\"><strong>2014<\/strong> &#8211; \u00abDfus. Amal.\u00bb, Galer\u00eda Alfred Tel Aviv, curadora: Yael Amit.<\/span><span data-ccp-props=\"{&quot;201341983&quot;:0,&quot;335559739&quot;:160,&quot;335559740&quot;:259}\">\u00a0<\/span><\/p>\n<p><span data-contrast=\"auto\"><strong>2014<\/strong> &#8211; \u00abFormato\u00bb, Art place TLV, Tel Aviv, curador: Yonatan H. Mishal<\/span><span data-ccp-props=\"{&quot;201341983&quot;:0,&quot;335559739&quot;:160,&quot;335559740&quot;:259}\">\u00a0<\/span><\/p>\n<p><span data-contrast=\"auto\"><strong>2013<\/strong> &#8211; Metropolin Hanina New Gallery, Curadores Amir Polak, Dan Alon<\/span><span data-ccp-props=\"{&quot;201341983&quot;:0,&quot;335559739&quot;:160,&quot;335559740&quot;:259}\">\u00a0<\/span><\/p>\n<p><span data-contrast=\"auto\"><strong>2013<\/strong> &#8211; Topolog\u00eda de la resistencia urbana, Woofer Ten Hong Kong, curadores Lau Kin Wah, Sushan\u00a0\u00a0\u00a0\u00a0\u00a0\u00a0\u00a0\u00a0 Chan<\/span><span data-ccp-props=\"{&quot;201341983&quot;:0,&quot;335559739&quot;:160,&quot;335559740&quot;:259}\">\u00a0<\/span><\/p>\n<p><span data-contrast=\"auto\"><strong>2012<\/strong>&#8211; Museo de Arte Moderno \u00abShishireshon Ahrey\u00bb Ramat Gan, curadora: Ayelet Hashahar Cohen<\/span><span data-ccp-props=\"{&quot;201341983&quot;:0,&quot;335559739&quot;:160,&quot;335559740&quot;:259}\">\u00a0<\/span><\/p>\n<p><span data-contrast=\"auto\"><strong>2012<\/strong> \u2013 MUSA, Eretz Israel Museum Tel Aviv, curadora Dana Heller<\/span><span data-ccp-props=\"{&quot;201341983&quot;:0,&quot;335559739&quot;:160,&quot;335559740&quot;:259}\">\u00a0<\/span><\/p>\n<p><span data-contrast=\"auto\"><strong>2010<\/strong> &#8211; \u00abDirty Dancing\u00bb -Erlich Gallery \u00ab, Tel Aviv, curador: Sarah Erlich<\/span><span data-ccp-props=\"{&quot;201341983&quot;:0,&quot;335559739&quot;:160,&quot;335559740&quot;:259}\">\u00a0<\/span><\/p>\n<p><span data-contrast=\"auto\"><strong>2010<\/strong> &#8211; \u00abBread &amp; Roses\u00bb, Minshar, Tel Aviv<\/span><span data-ccp-props=\"{&quot;201341983&quot;:0,&quot;335559739&quot;:160,&quot;335559740&quot;:259}\">\u00a0<\/span><\/p>\n<p><span data-contrast=\"auto\"><strong>2010<\/strong> &#8211; \u00abHome 2: The Living Room\u00bb, Apart.Art Gallery, Tel Aviv, curador: Rotem Ritov<\/span><span data-ccp-props=\"{&quot;201341983&quot;:0,&quot;335559739&quot;:160,&quot;335559740&quot;:259}\">\u00a0<\/span><\/p>\n<p><span data-contrast=\"auto\"><strong>2010<\/strong>&#8211; \u00abSleep Paralysis\u00bb, 45 Kibbuttz Galluyot, Tel Aviv, curadores: Noa Cicilia y Uri Grun<\/span><span data-ccp-props=\"{&quot;201341983&quot;:0,&quot;335559739&quot;:160,&quot;335559740&quot;:259}\">\u00a0<\/span><\/p>\n<p><span data-contrast=\"auto\"><strong>2010<\/strong> &#8211; \u00abKeeps Distance\u00bb, Saloona Bar, Tel Aviv, curadores: Dina Levi y Rivka Kave<\/span><span data-ccp-props=\"{&quot;201341983&quot;:0,&quot;335559739&quot;:160,&quot;335559740&quot;:259}\">\u00a0<\/span><\/p>\n<p><span data-contrast=\"auto\"><strong>2010<\/strong>&#8211; \u00abFresh Paint\u00bb, Tel Aviv, con P8 Gallery<\/span><span data-ccp-props=\"{&quot;201341983&quot;:0,&quot;335559739&quot;:160,&quot;335559740&quot;:259}\">\u00a0<\/span><\/p>\n<p><span data-contrast=\"auto\"><strong>2010<\/strong>&#8211; \u00abPertenece \/ No Pertenece\u00bb, Galer\u00eda Castiel, Tel Aviv, curadora: Miri Krimolovsky<\/span><span data-ccp-props=\"{&quot;201341983&quot;:0,&quot;335559739&quot;:160,&quot;335559740&quot;:259}\">\u00a0<\/span><\/p>\n<p><span data-contrast=\"auto\"><strong>2009<\/strong> &#8211; \u00abParallel Worlds\u00bb, ScalaMata Exhibition Space, Venecia, curadora: Francesca Pisani<\/span><span data-ccp-props=\"{&quot;201341983&quot;:0,&quot;335559739&quot;:160,&quot;335559740&quot;:259}\">\u00a0<\/span><\/p>\n<p><span data-contrast=\"auto\"><strong>2009<\/strong>&#8211; \u00abConexiones\u00bb, Galer\u00eda Castiel, Tel Aviv, curador: Ron Yeshua<\/span><span data-ccp-props=\"{&quot;201341983&quot;:0,&quot;335559739&quot;:160,&quot;335559740&quot;:259}\">\u00a0<\/span><\/p>\n<p><span data-contrast=\"auto\"><strong>2009<\/strong>&#8211; \u00abExposici\u00f3n colectiva\u00bb, 45 Kibbuttz Galluyot, Tel Aviv, curadora: Tamar Eloul<\/span><span data-ccp-props=\"{&quot;201341983&quot;:0,&quot;335559739&quot;:160,&quot;335559740&quot;:259}\">\u00a0<\/span><\/p>\n<p><span data-contrast=\"auto\"><strong>2009<\/strong>&#8211; \u00abKibbuttz Galluyot South\u00bb, Kaye College Beer Sheva, curador: Israel Rabinovitz<\/span><span data-ccp-props=\"{&quot;201341983&quot;:0,&quot;335559739&quot;:160,&quot;335559740&quot;:259}\">\u00a0<\/span><\/p>\n<p><span data-contrast=\"auto\"><strong>2006<\/strong>&#8211; \u00abApropos the Maidens\u00bb en la inauguraci\u00f3n, Museo de Arte Moderno Petach Tikva, curador: Gilad Melzer<\/span><span data-ccp-props=\"{&quot;201341983&quot;:0,&quot;335559739&quot;:160,&quot;335559740&quot;:259}\">\u00a0<\/span><\/p>\n<p><span data-contrast=\"auto\"><strong>2006<\/strong>&#8211; \u00abExposici\u00f3n sin nombre\u00bb, Universidad de Haifa, edificio del Centro de Artes Hecht, curador<\/span><span data-ccp-props=\"{&quot;201341983&quot;:0,&quot;335559739&quot;:160,&quot;335559740&quot;:259}\">\u00a0<\/span><\/p>\n<p><span data-contrast=\"auto\">\u00a0Philip Rantzer<\/span><span data-ccp-props=\"{&quot;201341983&quot;:0,&quot;335559739&quot;:160,&quot;335559740&quot;:259}\">\u00a0<\/span><\/p>\n<p><span data-contrast=\"auto\"><strong>2006<\/strong>&#8211; \u00abExposici\u00f3n de graduados\u00bb, comisarios de \u00abHamidrasha\u00bb: Angela Klein y Shibetz Cohen<\/span><span data-ccp-props=\"{&quot;201341983&quot;:0,&quot;335559739&quot;:160,&quot;335559740&quot;:259}\">\u00a0<\/span><\/p>\n<p><span data-ccp-props=\"{&quot;201341983&quot;:0,&quot;335559739&quot;:160,&quot;335559740&quot;:259}\">\u00a0<\/span><\/p>\n<p><span data-ccp-props=\"{&quot;201341983&quot;:0,&quot;335559739&quot;:160,&quot;335559740&quot;:259}\">\u00a0<\/span><\/p>\n<p><b><span data-contrast=\"auto\">Publicaciones:<\/span><\/b><span data-ccp-props=\"{&quot;201341983&quot;:0,&quot;335559739&quot;:160,&quot;335559740&quot;:259}\">\u00a0<\/span><\/p>\n<p>2023 \u2013 Vuelcate Blog &#8211; <a href=\"https:\/\/vuelcate.blogs.uemc.es\/las-exposiciones-como-expresion-cultural-y-social-del-mundo-en-seccion-cultura-creatividad-y-sociedad\/?fbclid=IwAR1oO7vAmRftFi1WMTrQPVnfHH_zKP1r69mbjYCJfRTBwqDQWqbECW5uAMg\">https:\/\/vuelcate.blogs.uemc.es\/las-exposiciones-como-expresion-cultural-y-social-del-mundo-en-seccion-cultura-creatividad-y-sociedad\/?fbclid=IwAR1oO7vAmRftFi1WMTrQPVnfHH_zKP1r69mbjYCJfRTBwqDQWqbECW5uAMg<\/a><\/p>\n<p>2023 \u2013 P.A.C &#8211; <a href=\"https:\/\/vuelcate.blogs.uemc.es\/las-exposiciones-como-expresion-cultural-y-social-del-mundo-en-seccion-cultura-creatividad-y-sociedad\/?fbclid=IwAR1oO7vAmRftFi1WMTrQPVnfHH_zKP1r69mbjYCJfRTBwqDQWqbECW5uAMg\">https:\/\/vuelcate.blogs.uemc.es\/las-exposiciones-como-expresion-cultural-y-social-del-mundo-en-seccion-cultura-creatividad-y-sociedad\/?fbclid=IwAR1oO7vAmRftFi1WMTrQPVnfHH_zKP1r69mbjYCJfRTBwqDQWqbECW5uAMg<\/a><\/p>\n<p>2023 &#8211; Radio Sefarad &#8211; <a href=\"https:\/\/www.radiosefarad.com\/hana-jaeger-an-israeli-artist-in-madrid\/\">https:\/\/www.radiosefarad.com\/hana-jaeger-an-israeli-artist-in-madrid\/<\/a><\/p>\n<p>2023 \u2013 Arte y Cultura Visual &#8211; <a href=\"https:\/\/www.m-arteyculturavisual.com\/2023\/02\/10\/me-llamo-ana-encantada-de-hana-jaeger\/\">https:\/\/www.m-arteyculturavisual.com\/2023\/02\/10\/me-llamo-ana-encantada-de-hana-jaeger\/<\/a><\/p>\n<p>2023 \u2013 RTVE &#8211; <a href=\"https:\/\/www.rtve.es\/play\/audios\/el-mundo-desde-las-casas\/mundo-desde-casas-llamo-ana-encantada\/6801659\/\">https:\/\/www.rtve.es\/play\/audios\/el-mundo-desde-las-casas\/mundo-desde-casas-llamo-ana-encantada\/6801659\/<\/a><\/p>\n<p>2023 \u2013 Tarantula Revista Cultural &#8211; <a href=\"https:\/\/revistatarantula.com\/exposicion-me-llamo-ana-encantada-de-hana-jaeger\/\">https:\/\/revistatarantula.com\/exposicion-me-llamo-ana-encantada-de-hana-jaeger\/<\/a><\/p>\n<p>2023 &#8211; Yanmag\u00a0 Revista- https:\/\/www.yanmag.com\/hana-jaeger-artista\/<\/p>\n<p>2023 &#8211; Yanmag Revista 8X8 &#8211; https:\/\/www.yanmag.com\/hana-jaeger-artista-plastica-8&#215;8\/<\/p>\n<p><span data-contrast=\"auto\">2018 &#8211; Hamusach &#8211; Revista de literatura blog.nli.org.il\/hamussach<\/span><span data-ccp-props=\"{&quot;201341983&quot;:0,&quot;335559739&quot;:160,&quot;335559740&quot;:259}\">\u00a0<\/span><\/p>\n<p><span data-contrast=\"auto\">\u00a0 2017 &#8211; Cat\u00e1logo \u00abLa hora de Mimoza\u00bb m\u00e1s ..<\/span><span data-ccp-props=\"{&quot;201341983&quot;:0,&quot;335559739&quot;:160,&quot;335559740&quot;:259}\">\u00a0<\/span><\/p>\n<p><span data-contrast=\"auto\">2017 &#8211; ART Habens Art Review, n\u00famero especial &#8211; https:\/\/joom.ag\/pxvW\/p110<\/span><span data-ccp-props=\"{&quot;201341983&quot;:0,&quot;335559739&quot;:160,&quot;335559740&quot;:259}\">\u00a0<\/span><\/p>\n<p><span data-contrast=\"auto\">2017 &#8211; Revista francesa &#8211; Atelier Pensees Juives TENOUA 167 p\u00e1ginas 42, 46 http:\/\/www.zyyne.com\/zh5\/222716#p=45<\/span><span data-ccp-props=\"{&quot;201341983&quot;:0,&quot;335559739&quot;:160,&quot;335559740&quot;:259}\">\u00a0<\/span><\/p>\n<p><span data-contrast=\"auto\">2016 &#8211; Revista de arte \u00abHarama\u00bb \/ \u00abMenofim issue -danger, issue- Emergency http:\/\/manofim.org\/harama\/artist\/%D7%97%D7%A0%D7%94-%D7%99%D7%92 % D7% A8<\/span><span data-ccp-props=\"{&quot;201341983&quot;:0,&quot;335559739&quot;:160,&quot;335559740&quot;:259}\">\u00a0<\/span><\/p>\n<p><span data-contrast=\"auto\">2016 &#8211; Comisaria de la exposici\u00f3n en l\u00ednea \u00abBlanco y negro\u00bb Dra. Nurit Cederboim http:\/\/www.biglal.info\/gallery\/articles\/article_1216.pdf<\/span><span data-ccp-props=\"{&quot;201341983&quot;:0,&quot;335559739&quot;:160,&quot;335559740&quot;:259}\">\u00a0<\/span><\/p>\n<p><span data-contrast=\"auto\">2012 &#8211; Peri\u00f3dico \u00abHa-aretz\u00bb &#8211; Galer\u00eda &#8211; entre tres ciudades &#8211; sobre la exposici\u00f3n \u00abHaifa &#8211; Jerusal\u00e9n &#8211; Tel Aviv\u00bb<\/span><span data-ccp-props=\"{&quot;201341983&quot;:0,&quot;335559739&quot;:160,&quot;335559740&quot;:259}\">\u00a0<\/span><\/p>\n<p><span data-contrast=\"auto\">2010 &#8211; Minorismo- Arte israel\u00ed en los albores del siglo XXI, Gideon Ofrat (hebreo) p\u00e1gina 68 m\u00e1s &#8230;<\/span><span data-ccp-props=\"{&quot;201341983&quot;:0,&quot;335559739&quot;:160,&quot;335559740&quot;:259}\">\u00a0<\/span><\/p>\n<p><span data-contrast=\"auto\">2010 &#8211; Activismo, Ynet, Nir Naderhttp<\/span><span data-ccp-props=\"{&quot;201341983&quot;:0,&quot;335559739&quot;:160,&quot;335559740&quot;:259}\">\u00a0<\/span><\/p>\n<p><span data-contrast=\"auto\">2010 &#8211; Can &#8211; Revista Israel\u00ed Reality in the Arts, Editor en Jefe Dr. Zvika Israel, N\u00famero 13, p\u00e1ginas 34-35<\/span><span data-ccp-props=\"{&quot;201341983&quot;:0,&quot;335559739&quot;:160,&quot;335559740&quot;:259}\">\u00a0<\/span><\/p>\n<p><span data-contrast=\"auto\">2009\/10 &#8211; Zuta, Revista de Internet, Ediciones n\u00fams. 29, 82,<\/span><span data-ccp-props=\"{&quot;201341983&quot;:0,&quot;335559739&quot;:160,&quot;335559740&quot;:259}\">\u00a0<\/span><\/p>\n<p><span data-contrast=\"auto\">2009 &#8211; noviembre- diciembre \u00abBesograim\u00bb, Beit Avihay Eventos m\u00e1s &#8230;<\/span><span data-ccp-props=\"{&quot;201341983&quot;:0,&quot;335559739&quot;:160,&quot;335559740&quot;:259}\">\u00a0<\/span><\/p>\n<p><span data-contrast=\"auto\">2009 &#8211; Noviembre \u00abArtistas presentes\u00bb, City Mouse, Hila Shkolnik Brener m\u00e1s &#8230;<\/span><span data-ccp-props=\"{&quot;201341983&quot;:0,&quot;335559739&quot;:160,&quot;335559740&quot;:259}\">\u00a0<\/span><\/p>\n<p><span data-contrast=\"auto\">2009 &#8211; noviembre \u00abSeed of Destruction\u00bb, Moriya Ben Barak, Nrg<\/span><span data-ccp-props=\"{&quot;201341983&quot;:0,&quot;335559739&quot;:160,&quot;335559740&quot;:259}\">\u00a0<\/span><\/p>\n<p><span data-contrast=\"auto\">2008 &#8211; Hahotem &#8211; Revista de Internet, n\u00fameros n\u00fams. 2, 3 m\u00e1s<\/span><span data-ccp-props=\"{&quot;201341983&quot;:0,&quot;335559739&quot;:160,&quot;335559740&quot;:259}\">\u00a0<\/span><\/p>\n<p><span data-ccp-props=\"{&quot;201341983&quot;:0,&quot;335559739&quot;:160,&quot;335559740&quot;:259}\">\u00a0<\/span><\/p>\n<p><span data-contrast=\"auto\">Subsidios:<\/span><span data-ccp-props=\"{&quot;201341983&quot;:0,&quot;335559739&quot;:160,&quot;335559740&quot;:259}\">\u00a0<\/span><\/p>\n<p><span data-contrast=\"auto\">\u00a02013 Residencia en Paris Cite &#8216;International des Arts<\/span><span data-ccp-props=\"{&quot;201341983&quot;:0,&quot;335559739&quot;:160,&quot;335559740&quot;:259}\">\u00a0<\/span><\/p>\n","protected":false},"excerpt":{"rendered":"<p>Nacido en Haifa Vive y trabaja en Madrid Espa\u00f1a y en Tel Aviv Educaci\u00f3n:\u00a0 2006 &#8211; Graduado de \u00abHamidrasha\u00bb, Escuela de Arte, Beit Berl College, Israel 2001 &#8211; MBA especializacion en comunicacion 1976 &#8211; B.A en Matem\u00e1ticas y Econom\u00eda \u00a0 Exposiciones individuales:\u00a0 2023 &#8211; \u00abMe Llamo Ana, encantada\u00bb Casa Sefarad Israel, Madrid. Comisario: Andrea Perissinotto. [&hellip;]<\/p>\n","protected":false},"author":1,"featured_media":2067,"parent":0,"menu_order":2,"comment_status":"closed","ping_status":"closed","template":"","meta":{"_acf_changed":false,"footnotes":""},"class_list":["post-2010","page","type-page","status-publish","has-post-thumbnail","hentry"],"acf":[],"yoast_head":"<!-- This site is optimized with the Yoast SEO plugin v24.3 - https:\/\/yoast.com\/wordpress\/plugins\/seo\/ -->\n<title>biograf\u00eda - Hana Jaeger art<\/title>\n<meta name=\"robots\" content=\"index, follow, max-snippet:-1, max-image-preview:large, max-video-preview:-1\" \/>\n<link rel=\"canonical\" href=\"https:\/\/hanajaeger.com\/es\/bio\/\" \/>\n<meta property=\"og:locale\" content=\"es_ES\" \/>\n<meta property=\"og:type\" content=\"article\" \/>\n<meta property=\"og:title\" content=\"biograf\u00eda - Hana Jaeger art\" \/>\n<meta property=\"og:description\" content=\"Nacido en Haifa Vive y trabaja en Madrid Espa\u00f1a y en Tel Aviv Educaci\u00f3n:\u00a0 2006 &#8211; Graduado de \u00abHamidrasha\u00bb, Escuela de Arte, Beit Berl College, Israel 2001 &#8211; MBA especializacion en comunicacion 1976 &#8211; B.A en Matem\u00e1ticas y Econom\u00eda \u00a0 Exposiciones individuales:\u00a0 2023 &#8211; \u00abMe Llamo Ana, encantada\u00bb Casa Sefarad Israel, Madrid. Comisario: Andrea Perissinotto. [&hellip;]\" \/>\n<meta property=\"og:url\" content=\"https:\/\/hanajaeger.com\/es\/bio\/\" \/>\n<meta property=\"og:site_name\" content=\"Hana Jaeger art\" \/>\n<meta property=\"article:modified_time\" content=\"2023-11-27T18:24:33+00:00\" \/>\n<meta property=\"og:image\" content=\"https:\/\/hanajaeger.com\/wp-content\/uploads\/2023\/06\/\u05e4\u05e8\u05d5\u05e4\u05d9\u05dc-e1693762406732.jpg\" \/>\n\t<meta property=\"og:image:width\" content=\"983\" \/>\n\t<meta property=\"og:image:height\" content=\"1953\" \/>\n\t<meta property=\"og:image:type\" content=\"image\/jpeg\" \/>\n<meta name=\"twitter:card\" content=\"summary_large_image\" \/>\n<meta name=\"twitter:label1\" content=\"Tiempo de lectura\" \/>\n\t<meta name=\"twitter:data1\" content=\"3 minutos\" \/>\n<script type=\"application\/ld+json\" class=\"yoast-schema-graph\">{\"@context\":\"https:\/\/schema.org\",\"@graph\":[{\"@type\":\"WebPage\",\"@id\":\"https:\/\/hanajaeger.com\/es\/bio\/\",\"url\":\"https:\/\/hanajaeger.com\/es\/bio\/\",\"name\":\"biograf\u00eda - Hana Jaeger art\",\"isPartOf\":{\"@id\":\"https:\/\/hanajaeger.com\/es\/#website\"},\"primaryImageOfPage\":{\"@id\":\"https:\/\/hanajaeger.com\/es\/bio\/#primaryimage\"},\"image\":{\"@id\":\"https:\/\/hanajaeger.com\/es\/bio\/#primaryimage\"},\"thumbnailUrl\":\"https:\/\/hanajaeger.com\/wp-content\/uploads\/2023\/06\/\u05e4\u05e8\u05d5\u05e4\u05d9\u05dc-e1693762406732.jpg\",\"datePublished\":\"2023-05-01T07:12:56+00:00\",\"dateModified\":\"2023-11-27T18:24:33+00:00\",\"breadcrumb\":{\"@id\":\"https:\/\/hanajaeger.com\/es\/bio\/#breadcrumb\"},\"inLanguage\":\"es\",\"potentialAction\":[{\"@type\":\"ReadAction\",\"target\":[\"https:\/\/hanajaeger.com\/es\/bio\/\"]}]},{\"@type\":\"ImageObject\",\"inLanguage\":\"es\",\"@id\":\"https:\/\/hanajaeger.com\/es\/bio\/#primaryimage\",\"url\":\"https:\/\/hanajaeger.com\/wp-content\/uploads\/2023\/06\/\u05e4\u05e8\u05d5\u05e4\u05d9\u05dc-e1693762406732.jpg\",\"contentUrl\":\"https:\/\/hanajaeger.com\/wp-content\/uploads\/2023\/06\/\u05e4\u05e8\u05d5\u05e4\u05d9\u05dc-e1693762406732.jpg\",\"width\":983,\"height\":1953},{\"@type\":\"BreadcrumbList\",\"@id\":\"https:\/\/hanajaeger.com\/es\/bio\/#breadcrumb\",\"itemListElement\":[{\"@type\":\"ListItem\",\"position\":1,\"name\":\"Homepage\",\"item\":\"https:\/\/hanajaeger.com\/es\/\"},{\"@type\":\"ListItem\",\"position\":2,\"name\":\"biograf\u00eda\"}]},{\"@type\":\"WebSite\",\"@id\":\"https:\/\/hanajaeger.com\/es\/#website\",\"url\":\"https:\/\/hanajaeger.com\/es\/\",\"name\":\"Hana Jaeger art\",\"description\":\"Hana Jaeger - Artist graduated from Hamidrasha, School of Art, Israel. Lives and works in Tel Aviv. \u05d7\u05e0\u05d4 \u05d9\u05d2\u05e8\",\"publisher\":{\"@id\":\"https:\/\/hanajaeger.com\/es\/#organization\"},\"potentialAction\":[{\"@type\":\"SearchAction\",\"target\":{\"@type\":\"EntryPoint\",\"urlTemplate\":\"https:\/\/hanajaeger.com\/es\/?s={search_term_string}\"},\"query-input\":{\"@type\":\"PropertyValueSpecification\",\"valueRequired\":true,\"valueName\":\"search_term_string\"}}],\"inLanguage\":\"es\"},{\"@type\":\"Organization\",\"@id\":\"https:\/\/hanajaeger.com\/es\/#organization\",\"name\":\"Hana Jaeger art\",\"url\":\"https:\/\/hanajaeger.com\/es\/\",\"logo\":{\"@type\":\"ImageObject\",\"inLanguage\":\"es\",\"@id\":\"https:\/\/hanajaeger.com\/es\/#\/schema\/logo\/image\/\",\"url\":\"https:\/\/hanajaeger.com\/wp-content\/uploads\/2023\/05\/LOGO2.jpg\",\"contentUrl\":\"https:\/\/hanajaeger.com\/wp-content\/uploads\/2023\/05\/LOGO2.jpg\",\"width\":121,\"height\":27,\"caption\":\"Hana Jaeger art\"},\"image\":{\"@id\":\"https:\/\/hanajaeger.com\/es\/#\/schema\/logo\/image\/\"}}]}<\/script>\n<!-- \/ Yoast SEO plugin. -->","yoast_head_json":{"title":"biograf\u00eda - Hana Jaeger art","robots":{"index":"index","follow":"follow","max-snippet":"max-snippet:-1","max-image-preview":"max-image-preview:large","max-video-preview":"max-video-preview:-1"},"canonical":"https:\/\/hanajaeger.com\/es\/bio\/","og_locale":"es_ES","og_type":"article","og_title":"biograf\u00eda - Hana Jaeger art","og_description":"Nacido en Haifa Vive y trabaja en Madrid Espa\u00f1a y en Tel Aviv Educaci\u00f3n:\u00a0 2006 &#8211; Graduado de \u00abHamidrasha\u00bb, Escuela de Arte, Beit Berl College, Israel 2001 &#8211; MBA especializacion en comunicacion 1976 &#8211; B.A en Matem\u00e1ticas y Econom\u00eda \u00a0 Exposiciones individuales:\u00a0 2023 &#8211; \u00abMe Llamo Ana, encantada\u00bb Casa Sefarad Israel, Madrid. Comisario: Andrea Perissinotto. [&hellip;]","og_url":"https:\/\/hanajaeger.com\/es\/bio\/","og_site_name":"Hana Jaeger art","article_modified_time":"2023-11-27T18:24:33+00:00","og_image":[{"width":983,"height":1953,"url":"https:\/\/hanajaeger.com\/wp-content\/uploads\/2023\/06\/\u05e4\u05e8\u05d5\u05e4\u05d9\u05dc-e1693762406732.jpg","type":"image\/jpeg"}],"twitter_card":"summary_large_image","twitter_misc":{"Tiempo de lectura":"3 minutos"},"schema":{"@context":"https:\/\/schema.org","@graph":[{"@type":"WebPage","@id":"https:\/\/hanajaeger.com\/es\/bio\/","url":"https:\/\/hanajaeger.com\/es\/bio\/","name":"biograf\u00eda - Hana Jaeger art","isPartOf":{"@id":"https:\/\/hanajaeger.com\/es\/#website"},"primaryImageOfPage":{"@id":"https:\/\/hanajaeger.com\/es\/bio\/#primaryimage"},"image":{"@id":"https:\/\/hanajaeger.com\/es\/bio\/#primaryimage"},"thumbnailUrl":"https:\/\/hanajaeger.com\/wp-content\/uploads\/2023\/06\/\u05e4\u05e8\u05d5\u05e4\u05d9\u05dc-e1693762406732.jpg","datePublished":"2023-05-01T07:12:56+00:00","dateModified":"2023-11-27T18:24:33+00:00","breadcrumb":{"@id":"https:\/\/hanajaeger.com\/es\/bio\/#breadcrumb"},"inLanguage":"es","potentialAction":[{"@type":"ReadAction","target":["https:\/\/hanajaeger.com\/es\/bio\/"]}]},{"@type":"ImageObject","inLanguage":"es","@id":"https:\/\/hanajaeger.com\/es\/bio\/#primaryimage","url":"https:\/\/hanajaeger.com\/wp-content\/uploads\/2023\/06\/\u05e4\u05e8\u05d5\u05e4\u05d9\u05dc-e1693762406732.jpg","contentUrl":"https:\/\/hanajaeger.com\/wp-content\/uploads\/2023\/06\/\u05e4\u05e8\u05d5\u05e4\u05d9\u05dc-e1693762406732.jpg","width":983,"height":1953},{"@type":"BreadcrumbList","@id":"https:\/\/hanajaeger.com\/es\/bio\/#breadcrumb","itemListElement":[{"@type":"ListItem","position":1,"name":"Homepage","item":"https:\/\/hanajaeger.com\/es\/"},{"@type":"ListItem","position":2,"name":"biograf\u00eda"}]},{"@type":"WebSite","@id":"https:\/\/hanajaeger.com\/es\/#website","url":"https:\/\/hanajaeger.com\/es\/","name":"Hana Jaeger art","description":"Hana Jaeger - Artist graduated from Hamidrasha, School of Art, Israel. Lives and works in Tel Aviv. \u05d7\u05e0\u05d4 \u05d9\u05d2\u05e8","publisher":{"@id":"https:\/\/hanajaeger.com\/es\/#organization"},"potentialAction":[{"@type":"SearchAction","target":{"@type":"EntryPoint","urlTemplate":"https:\/\/hanajaeger.com\/es\/?s={search_term_string}"},"query-input":{"@type":"PropertyValueSpecification","valueRequired":true,"valueName":"search_term_string"}}],"inLanguage":"es"},{"@type":"Organization","@id":"https:\/\/hanajaeger.com\/es\/#organization","name":"Hana Jaeger art","url":"https:\/\/hanajaeger.com\/es\/","logo":{"@type":"ImageObject","inLanguage":"es","@id":"https:\/\/hanajaeger.com\/es\/#\/schema\/logo\/image\/","url":"https:\/\/hanajaeger.com\/wp-content\/uploads\/2023\/05\/LOGO2.jpg","contentUrl":"https:\/\/hanajaeger.com\/wp-content\/uploads\/2023\/05\/LOGO2.jpg","width":121,"height":27,"caption":"Hana Jaeger art"},"image":{"@id":"https:\/\/hanajaeger.com\/es\/#\/schema\/logo\/image\/"}}]}},"_links":{"self":[{"href":"https:\/\/hanajaeger.com\/es\/wp-json\/wp\/v2\/pages\/2010","targetHints":{"allow":["GET"]}}],"collection":[{"href":"https:\/\/hanajaeger.com\/es\/wp-json\/wp\/v2\/pages"}],"about":[{"href":"https:\/\/hanajaeger.com\/es\/wp-json\/wp\/v2\/types\/page"}],"author":[{"embeddable":true,"href":"https:\/\/hanajaeger.com\/es\/wp-json\/wp\/v2\/users\/1"}],"replies":[{"embeddable":true,"href":"https:\/\/hanajaeger.com\/es\/wp-json\/wp\/v2\/comments?post=2010"}],"version-history":[{"count":13,"href":"https:\/\/hanajaeger.com\/es\/wp-json\/wp\/v2\/pages\/2010\/revisions"}],"predecessor-version":[{"id":2681,"href":"https:\/\/hanajaeger.com\/es\/wp-json\/wp\/v2\/pages\/2010\/revisions\/2681"}],"wp:featuredmedia":[{"embeddable":true,"href":"https:\/\/hanajaeger.com\/es\/wp-json\/wp\/v2\/media\/2067"}],"wp:attachment":[{"href":"https:\/\/hanajaeger.com\/es\/wp-json\/wp\/v2\/media?parent=2010"}],"curies":[{"name":"wp","href":"https:\/\/api.w.org\/{rel}","templated":true}]}}